{"id":2277,"date":"2019-10-15T07:57:00","date_gmt":"2019-10-15T07:57:00","guid":{"rendered":"https:\/\/cheapfilms.cat\/?page_id=2277"},"modified":"2019-10-15T07:58:02","modified_gmt":"2019-10-15T07:58:02","slug":"feria-modernista","status":"publish","type":"page","link":"https:\/\/www.cheapfilms.cat\/es\/feria-modernista\/","title":{"rendered":"Feria modernista"},"content":{"rendered":"<div class=\"wpb-content-wrapper\">[vc_row][vc_column width=\u00bb1\/3&#8243;][vc_single_image image=\u00bb550&#8243; img_size=\u00bbfull\u00bb][\/vc_column][vc_column width=\u00bb2\/3&#8243;][vc_column_text]\n<h2 class=\"title\">FERIA MODERNISTA<\/h2>\n[\/vc_column_text][vc_column_text]En la celebraci\u00f3n de la Feria Modernista de Terrassa y como acto de conclusi\u00f3n los directores de Cheap Films salimos al escenario para dinamizar los asistentes de la Plaza Vieja.<\/p>\n<p>Se escogieron a los actores y mediante un rodaje trepidante adaptado en formato de espect\u00e1culo esc\u00e9nico la animaci\u00f3n hizo participar a todos los asistentes. La acci\u00f3n establece una comunicaci\u00f3n directa con el p\u00fablico desde el primer momento y traslada el foco de atenci\u00f3n del escenario a la platea para acabar con el gran fin de fiesta de nuevo al escenario.<\/p>\n<p>Argumento adaptado al contexto de la Feria Modernista incorporando elementos hist\u00f3ricos y bordando un argumento adaptado a la ciudad y al acontecimiento.[\/vc_column_text][vc_empty_space height=\u00bb47&#8243;][\/vc_column][\/vc_row][vc_row curly_padding=\u00bbcontent-padding-none\u00bb][vc_column width=\u00bb1\/4&#8243; offset=\u00bbvc_hidden-sm vc_hidden-xs\u00bb][vc_single_image image=\u00bb768&#8243; img_size=\u00bbfull\u00bb alignment=\u00bbcenter\u00bb onclick=\u00bblink_image\u00bb][\/vc_column][vc_column width=\u00bb1\/4&#8243;][vc_single_image image=\u00bb781&#8243; img_size=\u00bbfull\u00bb alignment=\u00bbcenter\u00bb onclick=\u00bblink_image\u00bb][\/vc_column][vc_column width=\u00bb1\/4&#8243;][vc_single_image image=\u00bb770&#8243; img_size=\u00bbfull\u00bb alignment=\u00bbcenter\u00bb onclick=\u00bblink_image\u00bb][\/vc_column][vc_column width=\u00bb1\/4&#8243;][vc_single_image image=\u00bb769&#8243; img_size=\u00bbfull\u00bb alignment=\u00bbcenter\u00bb onclick=\u00bblink_image\u00bb][\/vc_column][\/vc_row][vc_row][vc_column][vc_row_inner][vc_column_inner width=\u00bb1\/3&#8243;][vc_video link=\u00bbhttps:\/\/youtu.be\/trXluxcpeCY?t=2m15s\u00bb][\/vc_column_inner][vc_column_inner width=\u00bb1\/3&#8243;][vc_video link=\u00bbhttps:\/\/www.youtube.com\/watch?v=pFvly73sR4k\u00bb][\/vc_column_inner][vc_column_inner width=\u00bb1\/3&#8243;][vc_video link=\u00bbhttps:\/\/youtu.be\/2dYq4Ataiew?t=12m32s\u00bb][\/vc_column_inner][\/vc_row_inner][vc_single_image image=\u00bb230&#8243; img_size=\u00bbfull\u00bb alignment=\u00bbcenter\u00bb el_class=\u00bbseparator-cheap\u00bb][vc_row_inner][vc_column_inner width=\u00bb1\/3&#8243;][vc_single_image image=\u00bb787&#8243; img_size=\u00bbfull\u00bb alignment=\u00bbcenter\u00bb onclick=\u00bbcustom_link\u00bb link=\u00bbhttps:\/\/www.terrassanoticies.com\/la-propera-fira-modernista-anira-de-cinema\/terrassa-noticies-2018-fira-modernista-cloenda-actuacio\/\u00bb][\/vc_column_inner][vc_column_inner width=\u00bb1\/3&#8243;][vc_single_image image=\u00bb785&#8243; img_size=\u00bbfull\u00bb alignment=\u00bbcenter\u00bb onclick=\u00bbcustom_link\u00bb link=\u00bbhttp:\/\/terrassadigital.cat\/la-fira-modernista-sacomiada-anunciant-que-dedicara-la-propera-edicio-al-cinema\/\u00bb][\/vc_column_inner][vc_column_inner width=\u00bb1\/3&#8243;][vc_single_image image=\u00bb786&#8243; img_size=\u00bbfull\u00bb alignment=\u00bbcenter\u00bb onclick=\u00bbcustom_link\u00bb link=\u00bbhttps:\/\/elmon.cat\/monterrassa\/galeria\/7440\/1\/cloenda-de-la-fira-modernista-de-terrassa\u00bb][\/vc_column_inner][\/vc_row_inner][\/vc_column][\/vc_row][vc_row gap=\u00bb35&#8243; equal_height=\u00bbyes\u00bb el_id=\u00bbleyenda\u00bb][vc_column width=\u00bb1\/4&#8243; css=\u00bb.vc_custom_1534241687376{border-top-width: 2px !important;border-right-width: 2px !important;border-bottom-width: 2px !important;border-left-width: 2px !important;border-left-color: #efefef !important;border-left-style: solid !important;border-right-color: #efefef !important;border-right-style: solid !important;border-top-color: #efefef !important;border-top-style: solid !important;border-bottom-color: #efefef !important;border-bottom-style: solid !important;border-radius: 10px !important;}\u00bb][vc_single_image image=\u00bb501&#8243; img_size=\u00bbfull\u00bb alignment=\u00bbcenter\u00bb][vc_column_text]\n<h4 style=\"text-align: center;\">Cultural<\/h4>\n[\/vc_column_text][\/vc_column][vc_column width=\u00bb1\/4&#8243; css=\u00bb.vc_custom_1534517467291{border-top-width: 2px !important;border-right-width: 2px !important;border-bottom-width: 2px !important;border-left-width: 2px !important;border-left-color: #efefef !important;border-left-style: solid !important;border-right-color: #efefef !important;border-right-style: solid !important;border-top-color: #efefef !important;border-top-style: solid !important;border-bottom-color: #efefef !important;border-bottom-style: solid !important;border-radius: 10px !important;}\u00bb][vc_single_image image=\u00bb334&#8243; img_size=\u00bbfull\u00bb alignment=\u00bbcenter\u00bb][vc_column_text]\n<h4 style=\"text-align: center;\">Exterior<\/h4>\n[\/vc_column_text][\/vc_column][vc_column width=\u00bb1\/4&#8243; css=\u00bb.vc_custom_1534517476476{border-top-width: 2px !important;border-right-width: 2px !important;border-bottom-width: 2px !important;border-left-width: 2px !important;border-left-color: #efefef !important;border-left-style: solid !important;border-right-color: #efefef !important;border-right-style: solid !important;border-top-color: #efefef !important;border-top-style: solid !important;border-bottom-color: #efefef !important;border-bottom-style: solid !important;border-radius: 10px !important;}\u00bb][vc_single_image image=\u00bb335&#8243; img_size=\u00bbfull\u00bb alignment=\u00bbcenter\u00bb][vc_column_text]\n<h4 style=\"text-align: center;\">Masivo<\/h4>\n[\/vc_column_text][\/vc_column][vc_column width=\u00bb1\/4&#8243; css=\u00bb.vc_custom_1534517484186{border-top-width: 2px !important;border-right-width: 2px !important;border-bottom-width: 2px !important;border-left-width: 2px !important;border-left-color: #efefef !important;border-left-style: solid !important;border-right-color: #efefef !important;border-right-style: solid !important;border-top-color: #efefef !important;border-top-style: solid !important;border-bottom-color: #efefef !important;border-bottom-style: solid !important;border-radius: 10px !important;}\u00bb][vc_single_image image=\u00bb336&#8243; img_size=\u00bbfull\u00bb alignment=\u00bbcenter\u00bb][vc_column_text]\n<h4 style=\"text-align: center;\">Adaptado<\/h4>\n[\/vc_column_text][\/vc_column][\/vc_row][vc_row][vc_column]\n<div class=\"wpcf7 no-js\" id=\"wpcf7-f275-o1\" lang=\"es-ES\" dir=\"ltr\" data-wpcf7-id=\"275\">\n<div class=\"screen-reader-response\"><p role=\"status\" aria-live=\"polite\" aria-atomic=\"true\"><\/p> <ul><\/ul><\/div>\n<form action=\"\/es\/wp-json\/wp\/v2\/pages\/2277#wpcf7-f275-o1\" method=\"post\" class=\"wpcf7-form init\" aria-label=\"Formulario de contacto\" novalidate=\"novalidate\" data-status=\"init\">\n<fieldset class=\"hidden-fields-container\"><input type=\"hidden\" name=\"_wpcf7\" value=\"275\" \/><input type=\"hidden\" name=\"_wpcf7_version\" value=\"6.1.5\" \/><input type=\"hidden\" name=\"_wpcf7_locale\" value=\"es_ES\" \/><input type=\"hidden\" name=\"_wpcf7_unit_tag\" value=\"wpcf7-f275-o1\" \/><input type=\"hidden\" name=\"_wpcf7_container_post\" value=\"0\" \/><input type=\"hidden\" name=\"_wpcf7_posted_data_hash\" value=\"\" \/><input type=\"hidden\" name=\"_wpcf7_recaptcha_response\" value=\"\" \/>\n<\/fieldset>\n<p><label> Nom<br \/>\n<span class=\"wpcf7-form-control-wrap\" data-name=\"your-name\"><input size=\"40\" maxlength=\"400\" class=\"wpcf7-form-control wpcf7-text wpcf7-validates-as-required\" aria-required=\"true\" aria-invalid=\"false\" value=\"\" type=\"text\" name=\"your-name\" \/><\/span> <\/label>\n<\/p>\n<p><label> Correu electr\u00f2nic<br \/>\n<span class=\"wpcf7-form-control-wrap\" data-name=\"your-email\"><input size=\"40\" maxlength=\"400\" class=\"wpcf7-form-control wpcf7-email wpcf7-validates-as-required wpcf7-text wpcf7-validates-as-email\" aria-required=\"true\" aria-invalid=\"false\" value=\"\" type=\"email\" name=\"your-email\" \/><\/span> <\/label>\n<\/p>\n<p><label> Tel\u00e8fon<br \/>\n<span class=\"wpcf7-form-control-wrap\" data-name=\"tel-737\"><input size=\"40\" maxlength=\"400\" class=\"wpcf7-form-control wpcf7-tel wpcf7-text wpcf7-validates-as-tel\" aria-invalid=\"false\" value=\"\" type=\"tel\" name=\"tel-737\" \/><\/span><\/label>\n<\/p>\n<p><label> Assumpte<br \/>\n<span class=\"wpcf7-form-control-wrap\" data-name=\"your-subject\"><input size=\"40\" maxlength=\"400\" class=\"wpcf7-form-control wpcf7-text\" aria-invalid=\"false\" value=\"\" type=\"text\" name=\"your-subject\" \/><\/span> <\/label>\n<\/p>\n<p><label> Missatge<br \/>\n<span class=\"wpcf7-form-control-wrap\" data-name=\"your-message\"><textarea cols=\"40\" rows=\"10\" maxlength=\"2000\" class=\"wpcf7-form-control wpcf7-textarea\" aria-invalid=\"false\" name=\"your-message\"><\/textarea><\/span> <\/label><br \/>\n<span class=\"wpcf7-form-control-wrap\" data-name=\"acceptance-909\"><span class=\"wpcf7-form-control wpcf7-acceptance\"><span class=\"wpcf7-list-item\"><label><input type=\"checkbox\" name=\"acceptance-909\" value=\"1\" aria-invalid=\"false\" \/><span class=\"wpcf7-list-item-label\">He llegit i entenc la <a href=\"http:\/\/cheapfilms.es\/politica-de-privacidad\/\">pol\u00edtica de privacitat<\/a>.<\/span><\/label><\/span><\/span><\/span>\n<\/p>\n<p><input class=\"wpcf7-form-control wpcf7-submit has-spinner\" type=\"submit\" value=\"Enviar\" \/>\n<\/p><div class=\"wpcf7-response-output\" aria-hidden=\"true\"><\/div>\n<\/form>\n<\/div>\n[\/vc_column][\/vc_row]\n<\/div>","protected":false},"excerpt":{"rendered":"<p>[vc_row][vc_column width=\u00bb1\/3&#8243;][vc_single_image image=\u00bb550&#8243; img_size=\u00bbfull\u00bb][\/vc_column][vc_column width=\u00bb2\/3&#8243;][vc_column_text] FERIA MODERNISTA [\/vc_column_text][vc_column_text]En la celebraci\u00f3n de la Feria Modernista de Terrassa y como acto de conclusi\u00f3n los directores de Cheap Films salimos al escenario para dinamizar los asistentes de la Plaza Vieja. Se escogieron a los actores y mediante un rodaje trepidante adaptado en formato de espect\u00e1culo esc\u00e9nico la animaci\u00f3n hizo participar a todos los [&hellip;]<\/p>\n","protected":false},"author":3,"featured_media":0,"parent":0,"menu_order":0,"comment_status":"closed","ping_status":"closed","template":"","meta":{"inline_featured_image":false,"footnotes":""},"class_list":["post-2277","page","type-page","status-publish","hentry"],"yoast_head":"<!-- This site is optimized with the Yoast SEO plugin v27.5 - https:\/\/yoast.com\/product\/yoast-seo-wordpress\/ -->\n<title>Feria modernista - Cheapfilms<\/title>\n<meta name=\"robots\" content=\"index, follow, max-snippet:-1, max-image-preview:large, max-video-preview:-1\" \/>\n<link rel=\"canonical\" href=\"https:\/\/www.cheapfilms.cat\/es\/feria-modernista\/\" \/>\n<meta property=\"og:locale\" content=\"es_ES\" \/>\n<meta property=\"og:type\" content=\"article\" \/>\n<meta property=\"og:title\" content=\"Feria modernista - Cheapfilms\" \/>\n<meta property=\"og:description\" content=\"[vc_row][vc_column width=\u00bb1\/3&#8243;][vc_single_image image=\u00bb550&#8243; img_size=\u00bbfull\u00bb][\/vc_column][vc_column width=\u00bb2\/3&#8243;][vc_column_text] FERIA MODERNISTA [\/vc_column_text][vc_column_text]En la celebraci\u00f3n de la Feria Modernista de Terrassa y como acto de conclusi\u00f3n los directores de Cheap Films salimos al escenario para dinamizar los asistentes de la Plaza Vieja. Se escogieron a los actores y mediante un rodaje trepidante adaptado en formato de espect\u00e1culo esc\u00e9nico la animaci\u00f3n hizo participar a todos los [&hellip;]\" \/>\n<meta property=\"og:url\" content=\"https:\/\/www.cheapfilms.cat\/es\/feria-modernista\/\" \/>\n<meta property=\"og:site_name\" content=\"Cheapfilms\" \/>\n<meta property=\"article:modified_time\" content=\"2019-10-15T07:58:02+00:00\" \/>\n<meta name=\"twitter:card\" content=\"summary_large_image\" \/>\n<meta name=\"twitter:label1\" content=\"Tiempo de lectura\" \/>\n\t<meta name=\"twitter:data1\" content=\"3 minutos\" \/>\n<script type=\"application\/ld+json\" class=\"yoast-schema-graph\">{\"@context\":\"https:\\\/\\\/schema.org\",\"@graph\":[{\"@type\":\"WebPage\",\"@id\":\"https:\\\/\\\/www.cheapfilms.cat\\\/es\\\/feria-modernista\\\/\",\"url\":\"https:\\\/\\\/www.cheapfilms.cat\\\/es\\\/feria-modernista\\\/\",\"name\":\"Feria modernista - Cheapfilms\",\"isPartOf\":{\"@id\":\"https:\\\/\\\/www.cheapfilms.cat\\\/#website\"},\"datePublished\":\"2019-10-15T07:57:00+00:00\",\"dateModified\":\"2019-10-15T07:58:02+00:00\",\"breadcrumb\":{\"@id\":\"https:\\\/\\\/www.cheapfilms.cat\\\/es\\\/feria-modernista\\\/#breadcrumb\"},\"inLanguage\":\"es\",\"potentialAction\":[{\"@type\":\"ReadAction\",\"target\":[\"https:\\\/\\\/www.cheapfilms.cat\\\/es\\\/feria-modernista\\\/\"]}]},{\"@type\":\"BreadcrumbList\",\"@id\":\"https:\\\/\\\/www.cheapfilms.cat\\\/es\\\/feria-modernista\\\/#breadcrumb\",\"itemListElement\":[{\"@type\":\"ListItem\",\"position\":1,\"name\":\"Inici\",\"item\":\"https:\\\/\\\/www.cheapfilms.cat\\\/es\\\/home\\\/\"},{\"@type\":\"ListItem\",\"position\":2,\"name\":\"Feria modernista\"}]},{\"@type\":\"WebSite\",\"@id\":\"https:\\\/\\\/www.cheapfilms.cat\\\/#website\",\"url\":\"https:\\\/\\\/www.cheapfilms.cat\\\/\",\"name\":\"Cheapfilms\",\"description\":\"Tu ets el protagonista!\",\"potentialAction\":[{\"@type\":\"SearchAction\",\"target\":{\"@type\":\"EntryPoint\",\"urlTemplate\":\"https:\\\/\\\/www.cheapfilms.cat\\\/?s={search_term_string}\"},\"query-input\":{\"@type\":\"PropertyValueSpecification\",\"valueRequired\":true,\"valueName\":\"search_term_string\"}}],\"inLanguage\":\"es\"}]}<\/script>\n<!-- \/ Yoast SEO plugin. -->","yoast_head_json":{"title":"Feria modernista - Cheapfilms","robots":{"index":"index","follow":"follow","max-snippet":"max-snippet:-1","max-image-preview":"max-image-preview:large","max-video-preview":"max-video-preview:-1"},"canonical":"https:\/\/www.cheapfilms.cat\/es\/feria-modernista\/","og_locale":"es_ES","og_type":"article","og_title":"Feria modernista - Cheapfilms","og_description":"[vc_row][vc_column width=\u00bb1\/3&#8243;][vc_single_image image=\u00bb550&#8243; img_size=\u00bbfull\u00bb][\/vc_column][vc_column width=\u00bb2\/3&#8243;][vc_column_text] FERIA MODERNISTA [\/vc_column_text][vc_column_text]En la celebraci\u00f3n de la Feria Modernista de Terrassa y como acto de conclusi\u00f3n los directores de Cheap Films salimos al escenario para dinamizar los asistentes de la Plaza Vieja. Se escogieron a los actores y mediante un rodaje trepidante adaptado en formato de espect\u00e1culo esc\u00e9nico la animaci\u00f3n hizo participar a todos los [&hellip;]","og_url":"https:\/\/www.cheapfilms.cat\/es\/feria-modernista\/","og_site_name":"Cheapfilms","article_modified_time":"2019-10-15T07:58:02+00:00","twitter_card":"summary_large_image","twitter_misc":{"Tiempo de lectura":"3 minutos"},"schema":{"@context":"https:\/\/schema.org","@graph":[{"@type":"WebPage","@id":"https:\/\/www.cheapfilms.cat\/es\/feria-modernista\/","url":"https:\/\/www.cheapfilms.cat\/es\/feria-modernista\/","name":"Feria modernista - Cheapfilms","isPartOf":{"@id":"https:\/\/www.cheapfilms.cat\/#website"},"datePublished":"2019-10-15T07:57:00+00:00","dateModified":"2019-10-15T07:58:02+00:00","breadcrumb":{"@id":"https:\/\/www.cheapfilms.cat\/es\/feria-modernista\/#breadcrumb"},"inLanguage":"es","potentialAction":[{"@type":"ReadAction","target":["https:\/\/www.cheapfilms.cat\/es\/feria-modernista\/"]}]},{"@type":"BreadcrumbList","@id":"https:\/\/www.cheapfilms.cat\/es\/feria-modernista\/#breadcrumb","itemListElement":[{"@type":"ListItem","position":1,"name":"Inici","item":"https:\/\/www.cheapfilms.cat\/es\/home\/"},{"@type":"ListItem","position":2,"name":"Feria modernista"}]},{"@type":"WebSite","@id":"https:\/\/www.cheapfilms.cat\/#website","url":"https:\/\/www.cheapfilms.cat\/","name":"Cheapfilms","description":"Tu ets el protagonista!","potentialAction":[{"@type":"SearchAction","target":{"@type":"EntryPoint","urlTemplate":"https:\/\/www.cheapfilms.cat\/?s={search_term_string}"},"query-input":{"@type":"PropertyValueSpecification","valueRequired":true,"valueName":"search_term_string"}}],"inLanguage":"es"}]}},"_links":{"self":[{"href":"https:\/\/www.cheapfilms.cat\/es\/wp-json\/wp\/v2\/pages\/2277","targetHints":{"allow":["GET"]}}],"collection":[{"href":"https:\/\/www.cheapfilms.cat\/es\/wp-json\/wp\/v2\/pages"}],"about":[{"href":"https:\/\/www.cheapfilms.cat\/es\/wp-json\/wp\/v2\/types\/page"}],"author":[{"embeddable":true,"href":"https:\/\/www.cheapfilms.cat\/es\/wp-json\/wp\/v2\/users\/3"}],"replies":[{"embeddable":true,"href":"https:\/\/www.cheapfilms.cat\/es\/wp-json\/wp\/v2\/comments?post=2277"}],"version-history":[{"count":1,"href":"https:\/\/www.cheapfilms.cat\/es\/wp-json\/wp\/v2\/pages\/2277\/revisions"}],"predecessor-version":[{"id":2278,"href":"https:\/\/www.cheapfilms.cat\/es\/wp-json\/wp\/v2\/pages\/2277\/revisions\/2278"}],"wp:attachment":[{"href":"https:\/\/www.cheapfilms.cat\/es\/wp-json\/wp\/v2\/media?parent=2277"}],"curies":[{"name":"wp","href":"https:\/\/api.w.org\/{rel}","templated":true}]}}